{"version":"1.0","type":"video","provider_name":"Indavideo","provider_url":"\/\/indavideo.hu\/","width":640,"height":360,"html":"<iframe class=\"indavideo-player\" allowfullscreen id=\"player-3682bc6527\" type=\"text\/html\" src=\"https:\/\/indavideo.hu\/player\/video\/3682bc6527\/\" title=\"indavideo video player\" scrolling=\"no\" width=\"640\" height=\"360\"  frameborder=\"0\"><\/iframe>","title":"Nagykun Husz\u00e1rtal\u00e1lkoz\u00f3 - Horv\u00e1th Gy\u00f6rgy nagykunkapit\u00e1ny eml\u00e9knapja","author_named":"Kisujszallas","author_url":"\/\/indavideo.hu\/profile\/Kisujszallas\/","thumbnail_url":"\/\/pics.indavideo.hu\/videos\/003\/610\/716\/2-1.jpg","indavideo_url":"\/\/indavideo.hu\/video\/Nagykun_Huszartalalkozo_-_Horvath_Gyorgy_nagykunkapitany_emleknapja","thumbnail_width":160,"thumbnail_height":120,"thumbnail_m_url":"\/\/pics.indavideo.hu\/videos\/003\/610\/716\/3-1.jpg","thumbnail_m_width":330,"thumbnail_m_height":185,"thumbnails":["\/\/pics.indavideo.hu\/videos\/003\/610\/716\/1-1.jpg","\/\/pics.indavideo.hu\/videos\/003\/610\/716\/2-1.jpg","\/\/pics.indavideo.hu\/videos\/003\/610\/716\/3-1.jpg","\/\/pics.indavideo.hu\/videos\/003\/610\/716\/4-1.jpg","\/\/pics.indavideo.hu\/videos\/003\/610\/716\/5-1.jpg","\/\/pics.indavideo.hu\/videos\/003\/610\/716\/6-1.jpg","\/\/pics.indavideo.hu\/videos\/003\/610\/716\/7-1.jpg"],"description":"\u00c1prilis 22-\u00e9n \u00e9s 23-\u00e1n Horv\u00e1th Gy\u00f6rgy nagykunkapit\u00e1ny Eml\u00e9knap \u00e9s husz\u00e1rtal\u00e1lkoz\u00f3 volt a kis\u00fajsz\u00e1ll\u00e1si Horv\u00e1th-tany\u00e1n. A program p\u00e9ntek d\u00e9lut\u00e1n husz\u00e1rfelvonul\u00e1ssal \u00e9s toborz\u00e1ssal indult a v\u00e1rosban, majd  szombaton a tany\u00e1n 10 \u00f3rakor tartott\u00e1k meg az \u00fcnnep\u00e9lyes megnyit\u00f3t. A k\u00e9t \u00e9ve elhunyt kapit\u00e1ny alakj\u00e1t, aki k\u00e9t \u00e9vtizeddel ezel\u0151tt ind\u00edtotta el a N\u00e1dor Husz\u00e1r Band\u00e9riumot, a kun viadalokat \u00e9s a husz\u00e1r hagyom\u00e1ny\u0151rz\u00e9st Varga Mih\u00e1ly p\u00e9nz\u00fcgyminiszter, Ill\u00e9ssy \u00c1d\u00e1m emeritus nagykunkapit\u00e1ny \u00e9s F. Kov\u00e1cs S\u00e1ndor orsz\u00e1ggy\u0171l\u00e9si k\u00e9pvisel\u0151, a Kunsz\u00f6vets\u00e9g eln\u00f6ke id\u00e9zte fel a szombati nap megnyit\u00f3 esem\u00e9ny\u00e9n.\r\nAz esem\u00e9nyen megeml\u00e9keztek a galamb\u00e1szok \u00e9s a husz\u00e1regyes\u00fcletek vezet\u0151i is. A szemerk\u00e9l\u0151 es\u0151 ellen\u00e9re sokan kil\u00e1togattak a tany\u00e1ra, s n\u00e9zt\u00e9k meg a Langal\u00e9ta Garabonci\u00e1sok g\u00f3lyal\u00e1bas m\u0171sor\u00e1t, a karcagi Pusztai R\u00f3ka Nom\u00e1d Hagyom\u00e1ny\u0151rz\u0151 Egyes\u00fclet lovas harci bemutat\u00f3j\u00e1t, de nagy sikert aratott a N\u00e1dor Husz\u00e1rband\u00e9rium tagjai \u00e1ltal el\u0151adott lovas karusszel bemutat\u00f3 is. A gyerekekr\u0151l sem felejtkeztek el, eg\u00e9sz nap n\u00e9pi j\u00e1tsz\u00f3t\u00e9r v\u00e1rta \u0151ket, d\u00e9lut\u00e1n pedig Kicsi Husz\u00e1r tr\u00e9f\u00e1s gyermekvet\u00e9lked\u0151n vehettek r\u00e9szt, de a legnagyobb \u00e9lm\u00e9ny a lovagol\u00e1s jelentette, valamint megismerkedhettek a Magyar Husz\u00e1r \u00e9s Katonai Hagyom\u00e1ny\u0151rz\u0151 Sz\u00f6vets\u00e9g husz\u00e1raival. \r\nA sz\u00ednpadon pedig fell\u00e9ptek a 48-as Olvas\u00f3k\u00f6r n\u00e9pdalk\u00f6rei, Simon \u00c9vike, valamint a Bokorvir\u00e1g Hagyom\u00e1ny\u0151rz\u0151 Egyes\u00fclet n\u00e9pt\u00e1nc programj\u00e1t tekinthett\u00e9k meg. Este fell\u00e9pett koncerttel v\u00e1rt\u00e1k az \u00e9rdekl\u0151d\u0151ket.\r\nA nap folyam\u00e1n tal\u00e1lkozhattak galambokkal, solymokkal, volt k\u00e9zm\u0171ves foglalkoz\u00e1s a N\u00e1dudvari N\u00e9pi K\u00e9zm\u0171ves Szakgimn\u00e1zium \u00e9s Koll\u00e9gium standj\u00e1n\u00e1l, ahol k\u00fcl\u00f6nb\u00f6z\u0151 n\u00e9pi mesters\u00e9gekkel tal\u00e1lkozhattak az oda l\u00e1togat\u00f3k. Jelen voltak v\u00e1rosunk k\u00e9zm\u0171ves k\u00f6rei is: a csipkever\u0151k, kos\u00e1rfon\u00f3k, h\u00edmz\u0151k \u00e9s szalmafon\u00f3k is. Napk\u00f6zben helyi \u00e9s k\u00f6rny\u00e9kbeli k\u00e9zm\u0171vesek, kistermel\u0151k kirakod\u00f3 v\u00e1s\u00e1r\u00e1t is k\u00f6rbe lehetett j\u00e1rni. Valamint Csod\u00e1latos term\u00e9szet c\u00edmmel Horv\u00e1th Gy\u00f6rgy unok\u00e1j\u00e1nak, Sipos B\u00e1lintnak is itt ny\u00edlt meg els\u0151 \u00f6n\u00e1ll\u00f3 term\u00e9szetfot\u00f3 ki\u00e1ll\u00edt\u00e1sa.","length":"2973","hash":"3682bc6527","id":"3610716"}