{"version":"1.0","type":"video","provider_name":"Indavideo","provider_url":"\/\/indavideo.hu\/","width":640,"height":360,"html":"<iframe class=\"indavideo-player\" allowfullscreen id=\"player-488afb5430\" type=\"text\/html\" src=\"https:\/\/indavideo.hu\/player\/video\/488afb5430\/\" title=\"indavideo video player\" scrolling=\"no\" width=\"640\" height=\"360\"  frameborder=\"0\"><\/iframe>","title":"Szentl\u00e9lek dala - P\u00e9ter D\u00e9nes Pr\u00f3f\u00e9ta","author_named":"Atyaeg1","author_url":"\/\/indavideo.hu\/profile\/Atyaeg1\/","thumbnail_url":"\/\/pics.indavideo.hu\/videos\/000\/916\/961\/2-1.jpg","indavideo_url":"\/\/indavideo.hu\/video\/Szentlelek_dala_-_Peter_Denes_Profeta","thumbnail_width":160,"thumbnail_height":120,"thumbnail_m_url":"\/\/pics.indavideo.hu\/videos\/000\/916\/961\/3-1.jpg","thumbnail_m_width":330,"thumbnail_m_height":185,"thumbnails":["\/\/pics.indavideo.hu\/videos\/000\/916\/961\/1-1.jpg","\/\/pics.indavideo.hu\/videos\/000\/916\/961\/2-1.jpg","\/\/pics.indavideo.hu\/videos\/000\/916\/961\/3-1.jpg","\/\/pics.indavideo.hu\/videos\/000\/916\/961\/4-1.jpg","\/\/pics.indavideo.hu\/videos\/000\/916\/961\/5-1.jpg"],"description":"Honlap: http:\/\/denesprofeta22.blogspot.hu\/\r\n\r\nTelefon: 06 70 600 88 78\r\nErd\u00e9ly: 00 40 746 43 7409\r\nSzerbia: +381 62 872 12 92\r\n\r\nE-mail: profeta22@vipmail.hu\r\n\r\nP\u00e9ter D\u00e9nes Pr\u00f3f\u00e9ta 20. zar\u00e1ndok\u00fatja ut\u00e1n:\r\n\r\nMeg k\u00e9rdezve, hogy mi\u00e9rt v\u00e9gzi ezeket a nagy utaz\u00e1sokat \r\nazt mondta, hogy az\u00e9rt, hogy ha majd J\u00e9zus visszat\u00e9r \r\na F\u00f6ldre, akkor tal\u00e1ljon hitet az emberek k\u00f6z\u00f6tt!\r\n\r\nEl lehet k\u00e9pzelni, hogy mekkora feladat gyalog, \r\nt\u00f6bb sz\u00e1z, vagy t\u00f6bb ezer kilom\u00e9tert megtenni. \r\nS\u00e1torban, vagy j\u00f3 sz\u00e1nd\u00e9k\u00fa emberek otthon\u00e1ban aludni, \r\nminden k\u00e9nyelmet feladni, \u00e1zni es\u00f6ben, f\u00e1zni hidegben, \r\nr\u00f3ni az utat a legnagyobb h\u00f6s\u00e9gben,csak az\u00e9rt, hogy egy \r\nbes\u00f6t\u00e9t\u00fclt korban Isten ig\u00e9j\u00e9t hirdethesse az ember.\r\n\r\nP\u00e9ter D\u00e9nes Pr\u00f3f\u00e9ta gyermekkor\u00e1t\u00f3l kezdve szellemi \r\ntan\u00edt\u00e1sokat kapott, v\u00e9g\u00fcl pedig egy elh\u00edvat\u00e1st a \r\npr\u00f3f\u00e9tai l\u00e9tre. Ennek nyom\u00e1n kezdte el j\u00e1rni a magyar \r\nter\u00fcleteket, eladta aut\u00f3j\u00e1t, minden p\u00e9nz\u00e9t erre \u00e1ldozta, \r\nhogy f\u00e9nyess\u00e9get vigyen az emberek k\u00f6z\u00e9. \u00d6 eleven\u00edtette \r\nfel sok ember eml\u00e9kezet\u00e9ben azt, hogy fontos, hogy \r\nminden csal\u00e1d \u00fajra \u00f6nell\u00e1t\u00f3v\u00e1 tudjon v\u00e1lni. Tuj\u00e1k \r\nhelyett \u00e9rdemesebb ilyen neh\u00e9z id\u00f6kben gy\u00fcm\u00f6lcsf\u00e1t, \r\n\u00e9s vetem\u00e9nyt gondozni a h\u00e1zak k\u00f6r\u00fcl. Igyekszik a \r\ncig\u00e1nys\u00e1got is lelkileg felemelni \u00e9s Isten fel\u00e9 ford\u00edtani.\r\n\r\nB\u0151vebben mes\u00e9l az \u00e9let\u00e9r\u0151l ezeken a vide\u00f3kon:\r\n\r\nhttps:\/\/vimeo.com\/28994260\r\nhttps:\/\/vimeo.com\/28714824\r\nhttps:\/\/vimeo.com\/28709481","length":"441","hash":"488afb5430","id":"916961"}