{"version":"1.0","type":"video","provider_name":"Indavideo","provider_url":"\/\/indavideo.hu\/","width":640,"height":360,"html":"<iframe class=\"indavideo-player\" allowfullscreen id=\"player-7e72f91c15\" type=\"text\/html\" src=\"https:\/\/indavideo.hu\/player\/video\/7e72f91c15\/\" title=\"indavideo video player\" scrolling=\"no\" width=\"640\" height=\"360\"  frameborder=\"0\"><\/iframe>","title":"Eml\u00e9kezz\u00fcnk h\u0151seinkre! (1956. okt\u00f3ber 23-i m\u0171sor - 2024-10-22)","author_named":"Hepp","author_url":"\/\/indavideo.hu\/profile\/Hepp\/","thumbnail_url":"\/\/pics.indavideo.hu\/videos\/003\/813\/550\/2-1.jpg","indavideo_url":"\/\/indavideo.hu\/video\/Emlekezzunk_hoseinkre_1956_oktober_23-i_musor_-_2024-10-22","thumbnail_width":160,"thumbnail_height":120,"thumbnail_m_url":"\/\/pics.indavideo.hu\/videos\/003\/813\/550\/3-1.jpg","thumbnail_m_width":330,"thumbnail_m_height":185,"thumbnails":["\/\/pics.indavideo.hu\/videos\/003\/813\/550\/1-1.jpg","\/\/pics.indavideo.hu\/videos\/003\/813\/550\/2-1.jpg","\/\/pics.indavideo.hu\/videos\/003\/813\/550\/3-1.jpg","\/\/pics.indavideo.hu\/videos\/003\/813\/550\/4-1.jpg","\/\/pics.indavideo.hu\/videos\/003\/813\/550\/5-1.jpg","\/\/pics.indavideo.hu\/videos\/003\/813\/550\/6-1.jpg","\/\/pics.indavideo.hu\/videos\/003\/813\/550\/7-1.jpg"],"description":"Eml\u00e9kezz\u00fcnk h\u0151seinkre!\r\n\r\nEzzel a c\u00edmmel \u00e1ll\u00edtotta \u00f6ssze az 1956.okt\u00f3ber 23-i nemzeti eml\u00e9knaphoz k\u00f6t\u0151d\u0151 projektet id\u00e9n a Dr. Hepp Ferenc Iskola.\r\n\r\nAz egy hetet lefed\u0151 projektben install\u00e1ci\u00f3 ker\u00fclt ki az aul\u00e1ba, amelyet D\u00e1vidn\u00e9 Gyarmati Zsuzsanna \u00e1ll\u00edtott \u00f6ssze. Az install\u00e1ci\u00f3 r\u00e9sze volt a di\u00e1kok \u00e1ltal k\u00e9sz\u00edtett plak\u00e1t is, hiszen p\u00e1ly\u00e1zatot hirdett\u00fcnk sz\u00e1mukra: \u201eTisztelet a h\u0151s\u00f6knek!\u201d, \u201eEml\u00e9kezz r\u00e1!\u201d , \u201eNem feledj\u00fck!\u201d- c\u00edmekkel. A 7-8. \u00e9vfolyamosok k\u00f6z\u00fcl n\u00e9gy di\u00e1k munk\u00e1j\u00e1t ismerte el az iskola, akik k\u00f6nyvjutalmat vehettek \u00e1t:\r\n\r\n1.Balogh Benett\r\n\r\n2.Lakatos Mil\u00e1n\r\n\r\n3.Nagy-G\u00e1sp\u00e1r Petra\r\n\r\n4.Szekercz\u00e9s N\u00f3ra\r\n\r\nA fels\u0151 tagozatosok 26 perces vide\u00f3anyagot n\u00e9ztek meg az 1956-os esem\u00e9nyek el\u0151zm\u00e9ny\u00e9r\u0151l, a forradalomr\u00f3l \u00e9s a szabads\u00e1gharcr\u00f3l: t\u00f6rt\u00e9nelem, etika, vagy oszt\u00e1lyf\u0151n\u00f6ki \u00f3r\u00e1n. Mindek\u00f6zben k\u00e9sz\u00fclt az \u00fcnnepi m\u0171sor is. Az idei m\u0171sorban a pesti sr\u00e1cok \/ l\u00e1nyok a \u201eCorvin k\u00f6zi \u201e fiatalok lettek a k\u00f6z\u00e9ppontba \u00e1ll\u00edtva. Emellett c\u00e9lk\u00e9nt fogalmaztuk meg a hazaszeretet \u00e9s szabads\u00e1g \u00e9rt\u00e9k\u00e9nek megjelen\u00edt\u00e9s\u00e9t. Most els\u0151sorban az \u00e1t\u00e9lhet\u0151s\u00e9gre helyezve a hangs\u00falyt kifejezetten a \u00e9rzelmi intelligencia fejleszt\u00e9se \u00e9s  az \u00e9rz\u00e9keny\u00edt\u00e9s lett a f\u00f3kuszba  \u00e1ll\u00edtva.\r\n\r\n\u201eK\u00f6z\u00e9p-Eur\u00f3pa t\u00f6rt\u00e9nelm\u00e9t \u00e1tgondolva, \u00fagy 50-60 \u00e9venk\u00e9nt lezajlik itt egy h\u00e1bor\u00fa, forradalom, front\u00e1tvonul\u00e1s. Magyarorsz\u00e1gon az utols\u00f3 h\u00e1rom \u00e9vsz\u00e1zadra jutott egy-egy szabads\u00e1gharc, a csatat\u00e9ren \u00f6sszess\u00e9g\u00e9ben mindig veres\u00e9get szenvedt\u00fcnk. Mivel ma m\u00e1r n\u00e9gymilli\u00f3 olyan magyar \u00e1llampolg\u00e1r \u00e9l haz\u00e1nkban, akinek nincs szem\u00e9lyes eml\u00e9ke a diktat\u00fara idej\u00e9b\u0151l, \u00faj feladatunk van. El kell nekik mondanunk, mennyire boldogg\u00e1 \u00e9s megel\u00e9gedett\u00e9 tesz benn\u00fcnket a szabads\u00e1g, a f\u00fcggetlens\u00e9g, milyen j\u00f3, hogy r\u00e9sz\u00fcnk lehet benne, mennyi \u00e1ldozatot hozott nemzet\u00fcnk az\u00e9rt, hogy a szabads\u00e1g ellens\u00e9gei ne gy\u0151zedelmeskedhessenek felett\u00fcnk. Meg kell nekik tan\u00edtanunk, hogy a szabads\u00e1got \u00e9s a nemzeti f\u00fcggetlens\u00e9get nem adj\u00e1k ingyen \u00e9s nem adj\u00e1k \u00f6r\u00f6kb\u00e9rletbe. Vannak h\u0151seink, akiknek a p\u00e9ld\u00e1ja seg\u00edt az eligazod\u00e1sban. A pesti sr\u00e1cok \u00e9s l\u00e1nyok \u00f6nfel\u00e1ldoz\u00f3 h\u0151siess\u00e9ge vil\u00e1gt\u00f6rt\u00e9nelmet \u00edrt. Megmutatta a vil\u00e1gnak \u00e9s nek\u00fcnk is, hogy a legnagyobb t\u00faler\u0151vel is szembesz\u00e1llunk, ha a szabads\u00e1gunkr\u00f3l \u00e9s a f\u00fcggetlens\u00e9g\u00fcnkr\u0151l van sz\u00f3. Mert ezzel tartozunk magunknak. Hiszen mindannyian 1956 b\u00fcszke \u00f6r\u00f6k\u00f6sei vagyunk.\u201d\r\n\r\n\r\n\r\nA m\u0171sor szerepl\u0151i:\r\n\r\n7.b oszt\u00e1ly \u2013 az  oszt\u00e1ly t\u00f6bbf\u00e9le tan\u00f3r\u00e1t kihaszn\u00e1lva k\u00e9sz\u00fclt a m\u0171sorra. Saj\u00e1t maguk k\u00e9sz\u00edtett\u00e9k el a sz\u00ednpadi eszk\u00f6z\u00f6ket. Tehets\u00e9ggondoz\u00f3 \u00e9s oszt\u00e1lyf\u0151n\u00f6ki \u00f3r\u00e1kon \u00e1ll\u00edtott\u00e1k \u00f6ssze a m\u0171sort, \u00e9s szerepl\u0151g\u00e1rda feladatait.\r\n \r\n6.b oszt\u00e1lyb\u00f3l 7 di\u00e1k, akik tanul\u00f3kat alak\u00edtottak\r\n\r\nKis Csenge 8.d- tan\u00e1rn\u0151 szerepben\r\n\r\n\u00c9nekkar: Lisztes Tibor Csab\u00e1n\u00e9 vezet\u00e9s\u00e9vel\r\n\r\nMoln\u00e1r Katalin \u2013tan\u00edt\u00f3\/ \u00e9nekes.\r\n\r\n\r\n\r\nA produkci\u00f3 l\u00e9trej\u00f6tt\u00e9ben sok koll\u00e9ga is szerepet v\u00e1llalt. K\u00f6sz\u00f6net minden k\u00f6zrem\u0171k\u00f6d\u0151nek:\r\n\r\nBal\u00e1zs Zsuzsanna\r\n\r\nBarna Tam\u00e1s\r\n\r\nD\u00e1vin\u00e9 Gyarmati Zsuzsanna\r\n\r\nKiss P\u00e9ter\r\n\r\nNagyn\u00e9 Hidv\u00e9gi M\u00e1ria\r\n\r\nSalamon Zolt\u00e1n\r\n\r\nSinka Ildik\u00f3\r\n\r\nValach M\u00e1ty\u00e1s\r\n\r\n \r\nA projektet tervezte, szervezte \u00e9s rendezte: R\u00e1czn\u00e9 Erdei Krisztina\r\n\r\n\u201eS izenj\u00fck minden elnyom\u00f3nak:\r\nmeg\u00f6lhettek, de megmarad az orsz\u00e1g,\r\nmegsz\u00e1llhattok, de nem gy\u0151zt\u00f6k soha,\r\nel\u0171zhettek, a n\u00e9p eml\u00e9kezik,\r\nmint megvak\u00edtott a felkel\u0151 napra.\r\nSzabads\u00e1g! L\u00e1ngszirm\u00fa vir\u00e1godat\r\n\u0151rzik a holtak \u00e9s a sz\u00e1zadok,\r\ns holnap, ha sug\u00e1rz\u00f3 sz\u00e1rba sz\u00f6ksz,\r\na h\u00e1t\u00e1rokt\u00f3l sebzett t\u00e1j felett,\r\nne feledd: mi voltunk \u00fajra Eur\u00f3pa,\r\ns a szikkadt f\u00f6ldet v\u00e9r\u00fcnk \u00f6nt\u00f6zte meg.\u201d\r\n\r\n(2024.10.22. Okt\u00f3ber 23 m\u0171sor v\u00e1gott 1280x720)","length":"1962","hash":"7e72f91c15","id":"3813550"}