{"version":"1.0","type":"video","provider_name":"Indavideo","provider_url":"\/\/indavideo.hu\/","width":640,"height":360,"html":"<iframe class=\"indavideo-player\" allowfullscreen id=\"player-bb44fb024a\" type=\"text\/html\" src=\"https:\/\/indavideo.hu\/player\/video\/bb44fb024a\/\" title=\"indavideo video player\" scrolling=\"no\" width=\"640\" height=\"360\"  frameborder=\"0\"><\/iframe>","title":"A f\u0151parancsnok befeny\u00edt","author_named":"lohere","author_url":"\/\/indavideo.hu\/profile\/lohere\/","thumbnail_url":"\/\/pics.indavideo.hu\/videos\/001\/705\/357\/2-1.jpg","indavideo_url":"\/\/indavideo.hu\/video\/A_foparancsnok_befenyit","thumbnail_width":160,"thumbnail_height":120,"thumbnail_m_url":"\/\/pics.indavideo.hu\/videos\/001\/705\/357\/3-1.jpg","thumbnail_m_width":330,"thumbnail_m_height":185,"thumbnails":["\/\/pics.indavideo.hu\/videos\/001\/705\/357\/1-1.jpg","\/\/pics.indavideo.hu\/videos\/001\/705\/357\/2-1.jpg","\/\/pics.indavideo.hu\/videos\/001\/705\/357\/3-1.jpg","\/\/pics.indavideo.hu\/videos\/001\/705\/357\/4-1.jpg","\/\/pics.indavideo.hu\/videos\/001\/705\/357\/5-1.jpg","\/\/pics.indavideo.hu\/videos\/001\/705\/357\/6-1.jpg","\/\/pics.indavideo.hu\/videos\/001\/705\/357\/7-1.jpg"],"description":"Ben Hodges alt\u00e1bornagy, az USA Eur\u00f3p\u00e1ban \u00e1llom\u00e1soz\u00f3 sz\u00e1razf\u00f6ldi haderej\u00e9nek a f\u0151parancsnoka. \"Udvariaskod\u00e1s n\u00e9lk\u00fcl\" figyelmeztet hogy rosszul j\u00e1rn\u00e1nk ha Magyarorsz\u00e1g kil\u00e9pne a NATO-b\u00f3l, \u00e9s hogy \u00f6ssze kell tartani a NATO tag\u00e1llamoknak nem szabad r\u00e9szekre szakadnia. R\u00e9szlet az interj\u00fab\u00f3l: \"A NATO tagoknak nem szabad r\u00e9szekre szakadniuk! Egyet\u00e9rt\u00e9snek kell lenni egy k\u00f6z\u00f6s politikai d\u00f6nt\u00e9snek! Diplom\u00e1ciai l\u00e9p\u00e9seket haszn\u00e1ljunk, vagy gazdas\u00e1gi szankci\u00f3kat Oroszorsz\u00e1g ellen, emellett hat\u00e1rozottan t\u00e1mogassuk az Ukr\u00e1n gazdas\u00e1got! Az e heti magyar-amerikai hadgyakorlat is megmutatja, hogy a NATO katonailag is k\u00e9pes lenne ennek \u00e9rv\u00e9nyt szerezni!...\"\r\n\r\n Ez az ember az USA katon\u00e1ja els\u0151sorban, nem az eur\u00f3pai  NATO katon\u00e1ja!\r\nA Bloomberg jelent\u00e9se szerint Barack Obama amerikai eln\u00f6k nem tal\u00e1lkozott Jens Stoltenberg NATO-f\u0151titk\u00e1rral, mikor a NATO-vezet\u0151 Washingtonban j\u00e1rt \u00e9s hivatalos tal\u00e1lkoz\u00f3t k\u00e9rt az amerikai eln\u00f6kt\u0151l. A forr\u00e1s szerint Stoltenberg nem kapott v\u00e1laszt a Feh\u00e9r H\u00e1zt\u00f3l. Azt k\u00f6vet\u0151en az Itar-tass h\u00edr\u00fcgyn\u00f6ks\u00e9g arr\u00f3l sz\u00e1molt be, hogy a Feh\u00e9r H\u00e1z nemzetbiztons\u00e1gi tan\u00e1cs\u00e1nak k\u00e9pvisel\u0151je, Bernadette Meehan nem komment\u00e1lta az esetet. \r\nA h\u00edr\u00fcgyn\u00f6ks\u00e9g felh\u00edvja a figyelmet arra, hogy Obama napirendje nem t\u0171nik t\u00falzs\u00fafoltnak, teh\u00e1t a t\u00f6rt\u00e9ntek val\u00f3sz\u00edn\u0171leg nem erre vezethet\u0151ek vissza. Kurt Volker, az USA \u00e1lland\u00f3 NATO-k\u00e9pvisel\u0151je szint\u00e9n nem tudta mivel magyar\u00e1zni az esetet. \u0150 arra h\u00edvta fel a figyelmet, hogy Eur\u00f3p\u00e1ban a helyzet most extr\u00e9m m\u00e9rt\u00e9kben fesz\u00fclt az ukr\u00e1n helyzet miatt, \u00e9s \"nem tudja elhinni\", hogy az amerikai eln\u00f6k nem tudott id\u0151t szak\u00edtani a NATO-f\u0151titk\u00e1rra.","length":"230","hash":"bb44fb024a","id":"1705357"}