{"version":"1.0","type":"video","provider_name":"Indavideo","provider_url":"\/\/indavideo.hu\/","width":640,"height":360,"html":"<iframe class=\"indavideo-player\" allowfullscreen id=\"player-eed24ecf88\" type=\"text\/html\" src=\"https:\/\/indavideo.hu\/player\/video\/eed24ecf88\/\" title=\"indavideo video player\" scrolling=\"no\" width=\"640\" height=\"360\"  frameborder=\"0\"><\/iframe>","title":"Anyone else","author_named":"palerik","author_url":"\/\/indavideo.hu\/profile\/palerik\/","thumbnail_url":"\/\/pics.indavideo.hu\/videos\/002\/671\/233\/2-1.jpg","indavideo_url":"\/\/palyazat.indavideo.hu\/video\/Anyone_else","thumbnail_width":160,"thumbnail_height":120,"thumbnail_m_url":"\/\/pics.indavideo.hu\/videos\/002\/671\/233\/3-1.jpg","thumbnail_m_width":330,"thumbnail_m_height":185,"thumbnails":["\/\/pics.indavideo.hu\/videos\/002\/671\/233\/1-1.jpg","\/\/pics.indavideo.hu\/videos\/002\/671\/233\/2-1.jpg","\/\/pics.indavideo.hu\/videos\/002\/671\/233\/3-1.jpg","\/\/pics.indavideo.hu\/videos\/002\/671\/233\/4-1.jpg","\/\/pics.indavideo.hu\/videos\/002\/671\/233\/5-1.jpg","\/\/pics.indavideo.hu\/videos\/002\/671\/233\/6-1.jpg","\/\/pics.indavideo.hu\/videos\/002\/671\/233\/7-1.jpg"],"description":"Igyekeztem olyan t\u00e9m\u00e1t v\u00e1lasztani, aminek aktualit\u00e1sa, mondanival\u00f3ja van. Nagyon fontos volt sz\u00e1momra, hogy a film \u00fczenete \u00e9rthet\u0151 legyen, de m\u00e9g is nyomot hagyjon a n\u00e9z\u0151ben, s ak\u00e1r tov\u00e1bb gondol\u00e1sra k\u00e9sztesse vagy sarkallja.\r\n Feldolgozand\u00f3 t\u00e9m\u00e1nak a rasszizmust v\u00e1lasztottam, hiszen ez fontos\r\nnapjainkban jelen l\u00e9v\u0151 probl\u00e9ma, amely mellett nem lehet csak \u00fagy elmenni. \r\n \u00dagy d\u00f6nt\u00f6ttem, hogy az Amnesty International \u00e1ltal kiadott, T\u00edz igaz t\u00f6rt\u00e9net\r\nnovellav\u00e1logat\u00e1s k\u00f6tet\u00e9b\u0151l, Tasn\u00e1di Istv\u00e1n Shopping and bullying c\u00edm\u0171\r\nnovell\u00e1j\u00e1nak adapt\u00e1ci\u00f3j\u00e1t k\u00e9sz\u00edtem el.\r\nA kisfilm c\u00edme Anyone else, magyar ford\u00edt\u00e1sban B\u00e1rki m\u00e1s. C\u00e9lom az, hogy a n\u00e9z\u0151 ne csak egy egyedi esetet l\u00e1sson, a film \u00e1ltal megjelen\u00edtve, hanem a vegyes technik\u00e1nak k\u00f6sz\u00f6nhet\u0151en, r\u00e1\u00e9bredjen a szeml\u00e9l\u0151, hogy ez az eset B\u00c1RKIVEL, B\u00c1RHOL, B\u00c1RMIKOR megeshet.","length":"152","hash":"eed24ecf88","id":"2671233"}